{"version":"1.0","provider_name":"AIE Sociedad de Artistas Int\u00e9rpretes o Ejecutantes de Espa\u00f1a","provider_url":"https:\/\/www.aie.es\/en\/","title":"Adi\u00f3s a Eduardo Bort","type":"rich","width":600,"height":338,"html":"<blockquote class=\"wp-embedded-content\" data-secret=\"vsWOZqyQ4v\"><a href=\"https:\/\/www.aie.es\/en\/adios-a-eduardo-bort\/\">Adi\u00f3s a Eduardo Bort<\/a><\/blockquote><iframe sandbox=\"allow-scripts\" security=\"restricted\" src=\"https:\/\/www.aie.es\/en\/adios-a-eduardo-bort\/embed\/#?secret=vsWOZqyQ4v\" width=\"600\" height=\"338\" title=\"&#8220;Adi\u00f3s a Eduardo Bort&#8221; &#8212; AIE Sociedad de Artistas Int\u00e9rpretes o Ejecutantes de Espa\u00f1a\" data-secret=\"vsWOZqyQ4v\" frameborder=\"0\" marginwidth=\"0\" marginheight=\"0\" scrolling=\"no\" class=\"wp-embedded-content\"><\/iframe><script type=\"text\/javascript\">\n\/* <![CDATA[ *\/\n\/*! This file is auto-generated *\/\n!function(d,l){\"use strict\";l.querySelector&&d.addEventListener&&\"undefined\"!=typeof URL&&(d.wp=d.wp||{},d.wp.receiveEmbedMessage||(d.wp.receiveEmbedMessage=function(e){var t=e.data;if((t||t.secret||t.message||t.value)&&!\/[^a-zA-Z0-9]\/.test(t.secret)){for(var s,r,n,a=l.querySelectorAll('iframe[data-secret=\"'+t.secret+'\"]'),o=l.querySelectorAll('blockquote[data-secret=\"'+t.secret+'\"]'),c=new RegExp(\"^https?:$\",\"i\"),i=0;i<o.length;i++)o[i].style.display=\"none\";for(i=0;i<a.length;i++)s=a[i],e.source===s.contentWindow&&(s.removeAttribute(\"style\"),\"height\"===t.message?(1e3<(r=parseInt(t.value,10))?r=1e3:~~r<200&&(r=200),s.height=r):\"link\"===t.message&&(r=new URL(s.getAttribute(\"src\")),n=new URL(t.value),c.test(n.protocol))&&n.host===r.host&&l.activeElement===s&&(d.top.location.href=t.value))}},d.addEventListener(\"message\",d.wp.receiveEmbedMessage,!1),l.addEventListener(\"DOMContentLoaded\",function(){for(var e,t,s=l.querySelectorAll(\"iframe.wp-embedded-content\"),r=0;r<s.length;r++)(t=(e=s[r]).getAttribute(\"data-secret\"))||(t=Math.random().toString(36).substring(2,12),e.src+=\"#?secret=\"+t,e.setAttribute(\"data-secret\",t)),e.contentWindow.postMessage({message:\"ready\",secret:t},\"*\")},!1)))}(window,document);\n\/* ]]> *\/\n<\/script>\n","thumbnail_url":"https:\/\/www.aie.es\/wp-content\/uploads\/EBORT.jpg","thumbnail_width":940,"thumbnail_height":627,"description":"El compositor y guitarrista Eduardo Bort falleci\u00f3 este mi\u00e9rcoles por la tarde a los 72 a\u00f1os de edad en el Instituto Valenciano de Oncolog\u00eda, donde estaba siendo tratado de un c\u00e1ncer de pulm\u00f3n. Comenz\u00f3 su carrera musical en bandas como Los Exciters, Los Bodgies, La Oveja Negra, Out o Yann, y alcanz\u00f3 reconocimiento internacional en los setenta, especialmente con su primer disco \"Eduardo Bort\". La Sociedad de Artistas AIE desea expresar sus m\u00e1s sentidas condolencias a familiares, amigos y dem\u00e1s allegados de un socio muy querido."}