{"version":"1.0","provider_name":"AIE Sociedad de Artistas Int\u00e9rpretes o Ejecutantes de Espa\u00f1a","provider_url":"https:\/\/www.aie.es\/en\/","title":"Adi\u00f3s a Mario Mart\u00ednez","type":"rich","width":600,"height":338,"html":"<blockquote class=\"wp-embedded-content\" data-secret=\"w8wNAtxnDm\"><a href=\"https:\/\/www.aie.es\/en\/adios-a-mario-martinez\/\">Adi\u00f3s a Mario Mart\u00ednez<\/a><\/blockquote><iframe sandbox=\"allow-scripts\" security=\"restricted\" src=\"https:\/\/www.aie.es\/en\/adios-a-mario-martinez\/embed\/#?secret=w8wNAtxnDm\" width=\"600\" height=\"338\" title=\"&#8220;Adi\u00f3s a Mario Mart\u00ednez&#8221; &#8212; AIE Sociedad de Artistas Int\u00e9rpretes o Ejecutantes de Espa\u00f1a\" data-secret=\"w8wNAtxnDm\" frameborder=\"0\" marginwidth=\"0\" marginheight=\"0\" scrolling=\"no\" class=\"wp-embedded-content\"><\/iframe><script type=\"text\/javascript\">\n\/* <![CDATA[ *\/\n\/*! This file is auto-generated *\/\n!function(d,l){\"use strict\";l.querySelector&&d.addEventListener&&\"undefined\"!=typeof URL&&(d.wp=d.wp||{},d.wp.receiveEmbedMessage||(d.wp.receiveEmbedMessage=function(e){var t=e.data;if((t||t.secret||t.message||t.value)&&!\/[^a-zA-Z0-9]\/.test(t.secret)){for(var s,r,n,a=l.querySelectorAll('iframe[data-secret=\"'+t.secret+'\"]'),o=l.querySelectorAll('blockquote[data-secret=\"'+t.secret+'\"]'),c=new RegExp(\"^https?:$\",\"i\"),i=0;i<o.length;i++)o[i].style.display=\"none\";for(i=0;i<a.length;i++)s=a[i],e.source===s.contentWindow&&(s.removeAttribute(\"style\"),\"height\"===t.message?(1e3<(r=parseInt(t.value,10))?r=1e3:~~r<200&&(r=200),s.height=r):\"link\"===t.message&&(r=new URL(s.getAttribute(\"src\")),n=new URL(t.value),c.test(n.protocol))&&n.host===r.host&&l.activeElement===s&&(d.top.location.href=t.value))}},d.addEventListener(\"message\",d.wp.receiveEmbedMessage,!1),l.addEventListener(\"DOMContentLoaded\",function(){for(var e,t,s=l.querySelectorAll(\"iframe.wp-embedded-content\"),r=0;r<s.length;r++)(t=(e=s[r]).getAttribute(\"data-secret\"))||(t=Math.random().toString(36).substring(2,12),e.src+=\"#?secret=\"+t,e.setAttribute(\"data-secret\",t)),e.contentWindow.postMessage({message:\"ready\",secret:t},\"*\")},!1)))}(window,document);\n\/* ]]> *\/\n<\/script>\n","thumbnail_url":"https:\/\/www.aie.es\/wp-content\/uploads\/mario-carr.jpg","thumbnail_width":350,"thumbnail_height":210,"description":"El socio de AIE Mario Mart\u00ednez ha fallecido a los sesenta a\u00f1os. Mario era guitarrista de La Uni\u00f3n, fundador de la banda y presente ya en la formaci\u00f3n del grupo junto a Luis Bol\u00edn e \u00cd\u00f1igo Zavala antes de la llegada del vocalista Rafa S\u00e1nchez. En 2015, pocos meses despu\u00e9s de celebrar el 30 aniversario de La Uni\u00f3n, dej\u00f3 la banda explicando a sus fans que estaba luchando contra un c\u00e1ncer de laringe que le imped\u00eda trabajar en actuaciones en vivo, aunque ten\u00eda intenciones de regresar. La Sociedad de Artistas AIE expresa sus m\u00e1s sentidas condolencias a sus familiares, amigos y dem\u00e1s allegados."}